{"id":2177,"date":"2021-03-09T11:31:43","date_gmt":"2021-03-09T10:31:43","guid":{"rendered":"https:\/\/www.neurocognitivism.com\/en\/?page_id=2177"},"modified":"2021-03-09T11:32:08","modified_gmt":"2021-03-09T10:32:08","slug":"about-us","status":"publish","type":"page","link":"https:\/\/www.neurocognitivism.com\/en\/about-us\/","title":{"rendered":"About us"},"content":{"rendered":"<p>[et_pb_section fb_built=&#8221;1&#8243; admin_label=&#8221;Page Header&#8221; _builder_version=&#8221;3.22&#8243; background_image=&#8221;https:\/\/www.neurocognitivism.com\/en\/wp-content\/uploads\/sites\/4\/2021\/03\/circle-background-pattern.png&#8221; custom_padding=&#8221;4px|0px|11px|0px|false|false&#8221; animation_style=&#8221;zoom&#8221; animation_intensity_zoom=&#8221;4%&#8221;][et_pb_row _builder_version=&#8221;3.25&#8243; background_size=&#8221;initial&#8221; background_position=&#8221;top_left&#8221; background_repeat=&#8221;repeat&#8221; custom_padding=&#8221;22px||1px|||&#8221; animation_style=&#8221;slide&#8221; animation_direction=&#8221;top&#8221; animation_intensity_slide=&#8221;3%&#8221;][et_pb_column type=&#8221;4_4&#8243; _builder_version=&#8221;3.25&#8243; custom_padding=&#8221;|||&#8221; custom_padding__hover=&#8221;|||&#8221;][et_pb_text _builder_version=&#8221;4.9.0&#8243; text_font=&#8221;||||||||&#8221; header_font=&#8221;|600|||||||dotted&#8221; header_text_color=&#8221;#353740&#8243; header_font_size=&#8221;60px&#8221; header_line_height=&#8221;1.3em&#8221; background_size=&#8221;initial&#8221; background_position=&#8221;top_left&#8221; background_repeat=&#8221;repeat&#8221; custom_margin=&#8221;||0px||false|false&#8221; animation_style=&#8221;fade&#8221; header_font_size_tablet=&#8221;&#8221; header_font_size_phone=&#8221;40px&#8221; header_font_size_last_edited=&#8221;on|phone&#8221; locked=&#8221;off&#8221;]<\/p>\n<h1>\u00c0 propos de nous<\/h1>\n<p>[\/et_pb_text][et_pb_divider show_divider=&#8221;off&#8221; disabled_on=&#8221;on|on|off&#8221; _builder_version=&#8221;3.2&#8243; max_width=&#8221;120px&#8221; animation_style=&#8221;slide&#8221; animation_direction=&#8221;top&#8221; animation_intensity_slide=&#8221;30%&#8221;][\/et_pb_divider][\/et_pb_column][\/et_pb_row][\/et_pb_section][et_pb_section fb_built=&#8221;1&#8243; admin_label=&#8221;Quote Section&#8221; _builder_version=&#8221;4.9.0&#8243; custom_margin=&#8221;||||false|false&#8221;][et_pb_row admin_label=&#8221;Quote&#8221; _builder_version=&#8221;3.25&#8243;][et_pb_column type=&#8221;4_4&#8243; _builder_version=&#8221;3.25&#8243; custom_padding=&#8221;|||&#8221; custom_padding__hover=&#8221;|||&#8221;][et_pb_image src=&#8221;https:\/\/www.neurocognitivism.com\/en\/wp-content\/uploads\/sites\/4\/2021\/03\/Logo-in-international.png&#8221; title_text=&#8221;Logo-in-international&#8221; align=&#8221;center&#8221; _builder_version=&#8221;4.9.0&#8243; _module_preset=&#8221;default&#8221; max_width=&#8221;100%&#8221; max_height=&#8221;150px&#8221;][\/et_pb_image][et_pb_text admin_label=&#8221;Quote&#8221; _builder_version=&#8221;4.9.0&#8243; text_text_color=&#8221;#747d88&#8243; text_font_size=&#8221;24px&#8221; text_line_height=&#8221;1.8em&#8221; text_orientation=&#8221;center&#8221; module_alignment=&#8221;center&#8221; animation_style=&#8221;flip&#8221; animation_direction=&#8221;top&#8221; animation_intensity_flip=&#8221;20%&#8221;]<\/p>\n<p>Constitu\u00e9 sous la forme juridique d\u2019une AISBL (association internationale sans but lucratif) elle a son si\u00e8ge social \u00e0 Bruxelles et ses filiales actives implant\u00e9es en \u00a0France, en \u00a0Belgique et au Maroc tout en couvrant \u00e9galement la Suisse et le Luxembourg.<\/p>\n<p>Sa cr\u00e9ation poursuit l\u2019objectif de capitaliser et de diffuser plus de trente ann\u00e9es de recherches multidisciplinaires scientifiques men\u00e9es par le docteur Jacques Fradin et son \u00e9quipe\u00a0au sein de l\u2019Institut de M\u00e9decine Environnementale<\/p>\n<p>Si\u00e8gent aujourd\u2019hui au conseil d\u2019administration :<\/p>\n<p>[\/et_pb_text][\/et_pb_column][\/et_pb_row][et_pb_row column_structure=&#8221;1_3,1_3,1_3&#8243; admin_label=&#8221;Testimonial&#8221; _builder_version=&#8221;3.25&#8243; custom_padding=&#8221;|||&#8221;][et_pb_column type=&#8221;1_3&#8243; _builder_version=&#8221;3.25&#8243; custom_padding=&#8221;|||&#8221; custom_padding__hover=&#8221;|||&#8221;][et_pb_testimonial author=&#8221;Pierre Moorkens&#8221; portrait_url=&#8221;https:\/\/www.neurocognitivism.com\/en\/wp-content\/uploads\/sites\/4\/2021\/03\/PM.png&#8221; quote_icon=&#8221;off&#8221; _builder_version=&#8221;4.9.0&#8243; body_font=&#8221;Montserrat||||&#8221; body_text_color=&#8221;#747d88&#8243; body_line_height=&#8221;1.8em&#8221; author_text_align=&#8221;center&#8221; use_background_color=&#8221;off&#8221; animation_style=&#8221;slide&#8221; animation_direction=&#8221;left&#8221; animation_intensity_slide=&#8221;20%&#8221;][\/et_pb_testimonial][\/et_pb_column][et_pb_column type=&#8221;1_3&#8243; _builder_version=&#8221;3.25&#8243; custom_padding=&#8221;|||&#8221; custom_padding__hover=&#8221;|||&#8221;][et_pb_testimonial author=&#8221;Jean-Louis Prata&#8221; portrait_url=&#8221;https:\/\/www.neurocognitivism.com\/en\/wp-content\/uploads\/sites\/4\/2021\/03\/JLP.png&#8221; quote_icon=&#8221;off&#8221; _builder_version=&#8221;4.9.0&#8243; body_font=&#8221;Montserrat||||&#8221; body_text_color=&#8221;#747d88&#8243; body_line_height=&#8221;1.8em&#8221; author_text_align=&#8221;center&#8221; use_background_color=&#8221;off&#8221; animation_style=&#8221;slide&#8221; animation_direction=&#8221;right&#8221; animation_intensity_slide=&#8221;20%&#8221;][\/et_pb_testimonial][\/et_pb_column][et_pb_column type=&#8221;1_3&#8243; _builder_version=&#8221;3.25&#8243; custom_padding=&#8221;|||&#8221; custom_padding__hover=&#8221;|||&#8221;][et_pb_testimonial author=&#8221;Jacques Fradin&#8221; portrait_url=&#8221;https:\/\/www.neurocognitivism.com\/en\/wp-content\/uploads\/sites\/4\/2021\/03\/JF.png&#8221; quote_icon=&#8221;off&#8221; _builder_version=&#8221;4.9.0&#8243; body_font=&#8221;Montserrat||||&#8221; body_text_color=&#8221;#747d88&#8243; body_line_height=&#8221;1.8em&#8221; author_text_align=&#8221;center&#8221; use_background_color=&#8221;off&#8221; animation_style=&#8221;slide&#8221; animation_direction=&#8221;left&#8221; animation_intensity_slide=&#8221;20%&#8221;][\/et_pb_testimonial][\/et_pb_column][\/et_pb_row][\/et_pb_section][et_pb_section fb_built=&#8221;1&#8243; _builder_version=&#8221;4.9.0&#8243; _module_preset=&#8221;default&#8221; custom_padding=&#8221;4px||35px|||&#8221;][et_pb_row _builder_version=&#8221;4.9.0&#8243; _module_preset=&#8221;default&#8221;][et_pb_column type=&#8221;4_4&#8243; _builder_version=&#8221;4.9.0&#8243; _module_preset=&#8221;default&#8221;][et_pb_number_counter number=&#8221;1987&#8243; percent_sign=&#8221;off&#8221; _builder_version=&#8221;4.9.0&#8243; _module_preset=&#8221;default&#8221;][\/et_pb_number_counter][et_pb_text _builder_version=&#8221;4.9.0&#8243; _module_preset=&#8221;default&#8221; text_font_size=&#8221;18px&#8221;]<\/p>\n<p>Jacques Fradin, docteur en m\u00e9decine, comportementaliste et cognitiviste, fonde l\u2019Institut de M\u00e9decine Environnementale.<\/p>\n<p>C\u2019est le d\u00e9part d\u2019un ambitieux programme de recherche interdisciplinaire. Coupl\u00e9 \u00e0 un talent exceptionnel de clinicien, ses travaux donnent petit \u00e0 petit naissance \u00e0 l\u2019Approche Neurocognitive et Comportementale (ANC) ainsi qu\u2019\u00e0 la notion d\u2019Intelligence Adaptative.<\/p>\n<p>Les 30 ann\u00e9es de travaux de Jacques Fradin et son \u00e9quipe gagnant en maturit\u00e9, la question de la diffusion et de la transmission de ces connaissances \u00e0 un public plus large de professionnels de l\u2019accompagnement se posera au fil des ann\u00e9es qui suivront.<\/p>\n<p>[\/et_pb_text][et_pb_number_counter number=&#8221;1990&#8243; percent_sign=&#8221;off&#8221; _builder_version=&#8221;4.9.0&#8243; _module_preset=&#8221;default&#8221; title_text_color=&#8221;#fcb731&#8243; number_text_color=&#8221;#fcb731&#8243;][\/et_pb_number_counter][et_pb_text _builder_version=&#8221;4.9.0&#8243; _module_preset=&#8221;default&#8221; text_font_size=&#8221;18px&#8221;]<\/p>\n<p>C\u2019est suite \u00e0 une conf\u00e9rence anim\u00e9e par Jacques Fradin \u00e0 Bruxelles que la rencontre avec Pierre Moorkens s\u2019op\u00e8re. Les deux hommes partagent une vision commune d\u2019un monde plus ouvert, plus d\u00e9mocratique et plus responsable, o\u00f9 les choix de soci\u00e9t\u00e9 se font en intelligence prospective.<\/p>\n<p>Pierre Moorkens, entrepreneur visionnaire, passionn\u00e9 par le d\u00e9veloppement humain et le fonctionnement du cerveau va d\u00e8s lors porter main forte \u00e0 la recherche en la finan\u00e7ant largement. Initiateur en 1999 de la renaissance de l\u2019ex-usine Renault Vilvorde et des pratiques d\u2019intelligence collective qui l\u2019ont accompagn\u00e9e, il introduit les outils de la recherche dans le d\u00e9veloppement de ses entreprises.<\/p>\n<p>[\/et_pb_text][et_pb_number_counter number=&#8221;1994&#8243; percent_sign=&#8221;off&#8221; _builder_version=&#8221;4.9.0&#8243; _module_preset=&#8221;default&#8221; title_text_color=&#8221;#02485d&#8221;][\/et_pb_number_counter][et_pb_text _builder_version=&#8221;4.9.0&#8243; _module_preset=&#8221;default&#8221; text_font_size=&#8221;18px&#8221;]<\/p>\n<p style=\"margin: 0cm;vertical-align: baseline\"><span lang=\"FR\" style=\"font-size: 13.5pt;font-family: 'Lato',sans-serif;color: #666666\">Outre la recherche, deux nouveaux p\u00f4les voient le jour pour assurer les activit\u00e9s de formation puis de conseil aux entreprises. Le but est de faire b\u00e9n\u00e9ficier les h\u00f4pitaux, les institutions et les entreprises de ces avanc\u00e9es dans la compr\u00e9hension des comportements humains. Ces applications sont aujourd\u2019hui largement diffus\u00e9es aupr\u00e8s des professionnels de l\u2019humain : pr\u00e9vention des risques psychosociaux, qualit\u00e9 de vie au travail, talent management, responsabilit\u00e9 soci\u00e9tale des entreprises, management, communication, coaching, recrutement affinitaire, transformation, agilit\u00e9.<\/span><\/p>\n<p>[\/et_pb_text][et_pb_number_counter number=&#8221;2008&#8243; percent_sign=&#8221;off&#8221; _builder_version=&#8221;4.9.0&#8243; _module_preset=&#8221;default&#8221; number_text_color=&#8221;#fcb731&#8243;][\/et_pb_number_counter][et_pb_text _builder_version=&#8221;4.9.0&#8243; _module_preset=&#8221;default&#8221; text_font_size=&#8221;18px&#8221;]<\/p>\n<p style=\"margin: 0cm;vertical-align: baseline\"><span lang=\"FR\" style=\"font-size: 13.5pt;font-family: 'Lato',sans-serif;color: #666666\">Afin d\u2019assurer une large diffusion de l\u2019Approche Neurocognitive et Comportementale (ANC ) Jacques et Pierre d\u00e9cident de cr\u00e9er <b>l\u2019Institute of<\/b> <b>Neurocognitivism International<\/b> sous une forme associative sans but lucratif dont la mission est de cr\u00e9er au travers des filiales qui portent le m\u00eame nom des cursus de formations certifiantes des professionnels de l\u2019accompagnement au sens large (managers, coachs, formateurs, consultants, enseignants, accompagnateurs, th\u00e9rapeute, etc.).<\/span><\/p>\n<p>[\/et_pb_text][et_pb_number_counter number=&#8221;2016&#8243; percent_sign=&#8221;off&#8221; _builder_version=&#8221;4.9.0&#8243; _module_preset=&#8221;default&#8221;][\/et_pb_number_counter][et_pb_text _builder_version=&#8221;4.9.0&#8243; _module_preset=&#8221;default&#8221; text_font_size=&#8221;18px&#8221;]<\/p>\n<p style=\"margin: 0cm;vertical-align: baseline\"><span lang=\"FR\" style=\"font-size: 13.5pt;font-family: 'Lato',sans-serif;color: #666666\">Afin de permettre \u00e0 l\u2019Institut de M\u00e9decine Environnementale de se consacrer pleinement \u00e0 la recherche en toute ind\u00e9pendance, Jacques Fradin cr\u00e9e le Fond de dotation IME (FIME) s\u00e9par\u00e9 des activit\u00e9s de conseil et d\u2019innovation aupr\u00e8s des entreprises et des institutions qui elles, restent log\u00e9es dans la structure IME Conseil.<\/span><\/p>\n<p>[\/et_pb_text][et_pb_number_counter number=&#8221;2019&#8243; percent_sign=&#8221;off&#8221; _builder_version=&#8221;4.9.0&#8243; _module_preset=&#8221;default&#8221; number_text_color=&#8221;#fcb731&#8243;][\/et_pb_number_counter][et_pb_text _builder_version=&#8221;4.9.0&#8243; _module_preset=&#8221;default&#8221; text_font_size=&#8221;18px&#8221;]<\/p>\n<p style=\"margin: 0cm;vertical-align: baseline\"><span lang=\"FR\" style=\"font-size: 13.5pt;font-family: 'Lato',sans-serif;color: #666666\">Les activit\u00e9s de IME conseil et de l\u2019Institute of Neurocognitivism fusionnent pour une plus grande coh\u00e9rence et pour un d\u00e9veloppement international sous une appellation unique :<\/span><\/p>\n<p>[\/et_pb_text][et_pb_image src=&#8221;https:\/\/www.neurocognitivism.com\/en\/wp-content\/uploads\/sites\/4\/2021\/03\/Logo-500px.png&#8221; title_text=&#8221;Logo-500px&#8221; align=&#8221;center&#8221; _builder_version=&#8221;4.9.0&#8243; _module_preset=&#8221;default&#8221; max_width=&#8221;100%&#8221; max_height=&#8221;100px&#8221;][\/et_pb_image][\/et_pb_column][\/et_pb_row][\/et_pb_section][et_pb_section fb_built=&#8221;1&#8243; admin_label=&#8221;Service Section&#8221; _builder_version=&#8221;4.9.0&#8243; background_color=&#8221;#f7f7f7&#8243; custom_margin=&#8221;|||&#8221; custom_padding=&#8221;0px||60px|||&#8221;][et_pb_row column_structure=&#8221;1_3,1_3,1_3&#8243; use_custom_gutter=&#8221;on&#8221; gutter_width=&#8221;2&#8243; make_equal=&#8221;on&#8221; admin_label=&#8221;Services&#8221; _builder_version=&#8221;4.9.0&#8243; background_size=&#8221;initial&#8221; background_position=&#8221;top_left&#8221; background_repeat=&#8221;repeat&#8221; max_width=&#8221;80%&#8221; custom_padding=&#8221;35px||25px|||&#8221; use_custom_width=&#8221;on&#8221; width_unit=&#8221;off&#8221;][et_pb_column type=&#8221;1_3&#8243; _builder_version=&#8221;3.25&#8243; custom_padding=&#8221;|||&#8221; custom_padding__hover=&#8221;|||&#8221;][et_pb_blurb title=&#8221;Mission&#8221; use_icon=&#8221;on&#8221; font_icon=&#8221;%%74%%&#8221; icon_color=&#8221;#fcb731&#8243; use_icon_font_size=&#8221;on&#8221; icon_font_size=&#8221;60px&#8221; _builder_version=&#8221;4.9.0&#8243; header_font=&#8221;Montserrat|on|||&#8221; header_text_color=&#8221;#353740&#8243; header_font_size=&#8221;22px&#8221; header_line_height=&#8221;1.4em&#8221; body_font=&#8221;Montserrat||||&#8221; body_text_color=&#8221;#747d88&#8243; body_line_height=&#8221;1.8em&#8221; background_size=&#8221;initial&#8221; background_position=&#8221;top_left&#8221; background_repeat=&#8221;repeat&#8221; text_orientation=&#8221;center&#8221; custom_padding=&#8221;30px|30px|30px|30px&#8221; animation_style=&#8221;zoom&#8221; border_width_all=&#8221;0px&#8221; border_color_all=&#8221;#dddddd&#8221; border_style_all=&#8221;solid&#8221; use_border_color=&#8221;on&#8221; border_color=&#8221;#dddddd&#8221;]<\/p>\n<p>To share the tools and know-how that can enable all of us, whether on a personal or a professional level, to mobilise our soft skills.<\/p>\n<p>[\/et_pb_blurb][\/et_pb_column][et_pb_column type=&#8221;1_3&#8243; _builder_version=&#8221;3.25&#8243; custom_padding=&#8221;|||&#8221; custom_padding__hover=&#8221;|||&#8221;][et_pb_blurb title=&#8221;Vision&#8221; use_icon=&#8221;on&#8221; font_icon=&#8221;%%103%%&#8221; icon_color=&#8221;#fcb731&#8243; use_icon_font_size=&#8221;on&#8221; icon_font_size=&#8221;60px&#8221; _builder_version=&#8221;4.9.0&#8243; header_font=&#8221;Montserrat|on|||&#8221; header_text_color=&#8221;#353740&#8243; header_font_size=&#8221;22px&#8221; header_line_height=&#8221;1.4em&#8221; body_font=&#8221;Montserrat||||&#8221; body_text_color=&#8221;#747d88&#8243; body_line_height=&#8221;1.8em&#8221; background_size=&#8221;initial&#8221; background_position=&#8221;top_left&#8221; background_repeat=&#8221;repeat&#8221; text_orientation=&#8221;center&#8221; custom_padding=&#8221;30px|30px|30px|30px&#8221; animation_style=&#8221;zoom&#8221; animation_delay=&#8221;100ms&#8221; border_width_all=&#8221;0px&#8221; border_color_all=&#8221;#dddddd&#8221; border_style_all=&#8221;solid&#8221; use_border_color=&#8221;on&#8221; border_color=&#8221;#dddddd&#8221;]<\/p>\n<p><span>To develop Adaptive Intelligence in people and organisations to help overcome the challenges of the many transformations necessary to solve the sustainability, efficiency and wellness equation.<\/span><\/p>\n<p>[\/et_pb_blurb][\/et_pb_column][et_pb_column type=&#8221;1_3&#8243; _builder_version=&#8221;3.25&#8243; custom_padding=&#8221;|||&#8221; custom_padding__hover=&#8221;|||&#8221;][et_pb_blurb title=&#8221;Promise&#8221; use_icon=&#8221;on&#8221; font_icon=&#8221;%%107%%&#8221; icon_color=&#8221;#fcb731&#8243; use_icon_font_size=&#8221;on&#8221; icon_font_size=&#8221;60px&#8221; _builder_version=&#8221;4.9.0&#8243; header_font=&#8221;Montserrat|on|||&#8221; header_text_color=&#8221;#353740&#8243; header_font_size=&#8221;22px&#8221; header_line_height=&#8221;1.4em&#8221; body_font=&#8221;Montserrat||||&#8221; body_text_color=&#8221;#747d88&#8243; body_line_height=&#8221;1.8em&#8221; background_size=&#8221;initial&#8221; background_position=&#8221;top_left&#8221; background_repeat=&#8221;repeat&#8221; text_orientation=&#8221;center&#8221; custom_padding=&#8221;30px|30px|30px|30px&#8221; animation_style=&#8221;zoom&#8221; animation_delay=&#8221;200ms&#8221; border_width_all=&#8221;0px&#8221; border_color_all=&#8221;#dddddd&#8221; border_style_all=&#8221;solid&#8221; use_border_color=&#8221;on&#8221; border_color=&#8221;#dddddd&#8221;]<\/p>\n<p><span>Our interventions (training, consulting, coaching) invite individuals and organisations to better use Adaptive Intelligence to foster sustainable well-being and energy and to engage with meaning, serenity, confidence and autonomy.<\/span><\/p>\n<p>[\/et_pb_blurb][\/et_pb_column][\/et_pb_row][\/et_pb_section]<\/p>\n","protected":false},"excerpt":{"rendered":"<p>\u00c0 propos de nousConstitu\u00e9 sous la forme juridique d\u2019une AISBL (association internationale sans but lucratif) elle a son si\u00e8ge social \u00e0 Bruxelles et ses filiales actives implant\u00e9es en \u00a0France, en \u00a0Belgique et au Maroc tout en couvrant \u00e9galement la Suisse et le Luxembourg. Sa cr\u00e9ation poursuit l\u2019objectif de capitaliser et de diffuser plus de trente [&hellip;]<\/p>\n","protected":false},"author":1,"featured_media":0,"parent":0,"menu_order":0,"comment_status":"closed","ping_status":"closed","template":"","meta":{"_et_pb_use_builder":"on","_et_pb_old_content":"","_et_gb_content_width":"","footnotes":""},"yoast_head":"<!-- This site is optimized with the Yoast SEO plugin v22.0 - https:\/\/yoast.com\/wordpress\/plugins\/seo\/ -->\n<title>About us - Institute of Neurocognitivism EN<\/title>\n<meta name=\"robots\" content=\"index, follow, max-snippet:-1, max-image-preview:large, max-video-preview:-1\" \/>\n<link rel=\"canonical\" href=\"https:\/\/www.neurocognitivism.com\/en\/about-us\/\" \/>\n<meta property=\"og:locale\" content=\"en_US\" \/>\n<meta property=\"og:type\" content=\"article\" \/>\n<meta property=\"og:title\" content=\"About us - Institute of Neurocognitivism EN\" \/>\n<meta property=\"og:description\" content=\"\u00c0 propos de nousConstitu\u00e9 sous la forme juridique d\u2019une AISBL (association internationale sans but lucratif) elle a son si\u00e8ge social \u00e0 Bruxelles et ses filiales actives implant\u00e9es en \u00a0France, en \u00a0Belgique et au Maroc tout en couvrant \u00e9galement la Suisse et le Luxembourg. Sa cr\u00e9ation poursuit l\u2019objectif de capitaliser et de diffuser plus de trente [&hellip;]\" \/>\n<meta property=\"og:url\" content=\"https:\/\/www.neurocognitivism.com\/en\/about-us\/\" \/>\n<meta property=\"og:site_name\" content=\"Institute of Neurocognitivism EN\" \/>\n<meta property=\"article:modified_time\" content=\"2021-03-09T10:32:08+00:00\" \/>\n<meta name=\"twitter:card\" content=\"summary_large_image\" \/>\n<script type=\"application\/ld+json\" class=\"yoast-schema-graph\">{\"@context\":\"https:\/\/schema.org\",\"@graph\":[{\"@type\":\"WebPage\",\"@id\":\"https:\/\/www.neurocognitivism.com\/en\/about-us\/\",\"url\":\"https:\/\/www.neurocognitivism.com\/en\/about-us\/\",\"name\":\"About us - Institute of Neurocognitivism EN\",\"isPartOf\":{\"@id\":\"https:\/\/www.neurocognitivism.com\/en\/#website\"},\"datePublished\":\"2021-03-09T10:31:43+00:00\",\"dateModified\":\"2021-03-09T10:32:08+00:00\",\"breadcrumb\":{\"@id\":\"https:\/\/www.neurocognitivism.com\/en\/about-us\/#breadcrumb\"},\"inLanguage\":\"en-US\",\"potentialAction\":[{\"@type\":\"ReadAction\",\"target\":[\"https:\/\/www.neurocognitivism.com\/en\/about-us\/\"]}]},{\"@type\":\"BreadcrumbList\",\"@id\":\"https:\/\/www.neurocognitivism.com\/en\/about-us\/#breadcrumb\",\"itemListElement\":[{\"@type\":\"ListItem\",\"position\":1,\"name\":\"Accueil\",\"item\":\"https:\/\/www.neurocognitivism.com\/en\/\"},{\"@type\":\"ListItem\",\"position\":2,\"name\":\"About us\"}]},{\"@type\":\"WebSite\",\"@id\":\"https:\/\/www.neurocognitivism.com\/en\/#website\",\"url\":\"https:\/\/www.neurocognitivism.com\/en\/\",\"name\":\"Institute of Neurocognitivism EN\",\"description\":\"Explore adaptive intelligence\",\"potentialAction\":[{\"@type\":\"SearchAction\",\"target\":{\"@type\":\"EntryPoint\",\"urlTemplate\":\"https:\/\/www.neurocognitivism.com\/en\/?s={search_term_string}\"},\"query-input\":\"required name=search_term_string\"}],\"inLanguage\":\"en-US\"}]}<\/script>\n<!-- \/ Yoast SEO plugin. -->","yoast_head_json":{"title":"About us - Institute of Neurocognitivism EN","robots":{"index":"index","follow":"follow","max-snippet":"max-snippet:-1","max-image-preview":"max-image-preview:large","max-video-preview":"max-video-preview:-1"},"canonical":"https:\/\/www.neurocognitivism.com\/en\/about-us\/","og_locale":"en_US","og_type":"article","og_title":"About us - Institute of Neurocognitivism EN","og_description":"\u00c0 propos de nousConstitu\u00e9 sous la forme juridique d\u2019une AISBL (association internationale sans but lucratif) elle a son si\u00e8ge social \u00e0 Bruxelles et ses filiales actives implant\u00e9es en \u00a0France, en \u00a0Belgique et au Maroc tout en couvrant \u00e9galement la Suisse et le Luxembourg. Sa cr\u00e9ation poursuit l\u2019objectif de capitaliser et de diffuser plus de trente [&hellip;]","og_url":"https:\/\/www.neurocognitivism.com\/en\/about-us\/","og_site_name":"Institute of Neurocognitivism EN","article_modified_time":"2021-03-09T10:32:08+00:00","twitter_card":"summary_large_image","schema":{"@context":"https:\/\/schema.org","@graph":[{"@type":"WebPage","@id":"https:\/\/www.neurocognitivism.com\/en\/about-us\/","url":"https:\/\/www.neurocognitivism.com\/en\/about-us\/","name":"About us - Institute of Neurocognitivism EN","isPartOf":{"@id":"https:\/\/www.neurocognitivism.com\/en\/#website"},"datePublished":"2021-03-09T10:31:43+00:00","dateModified":"2021-03-09T10:32:08+00:00","breadcrumb":{"@id":"https:\/\/www.neurocognitivism.com\/en\/about-us\/#breadcrumb"},"inLanguage":"en-US","potentialAction":[{"@type":"ReadAction","target":["https:\/\/www.neurocognitivism.com\/en\/about-us\/"]}]},{"@type":"BreadcrumbList","@id":"https:\/\/www.neurocognitivism.com\/en\/about-us\/#breadcrumb","itemListElement":[{"@type":"ListItem","position":1,"name":"Accueil","item":"https:\/\/www.neurocognitivism.com\/en\/"},{"@type":"ListItem","position":2,"name":"About us"}]},{"@type":"WebSite","@id":"https:\/\/www.neurocognitivism.com\/en\/#website","url":"https:\/\/www.neurocognitivism.com\/en\/","name":"Institute of Neurocognitivism EN","description":"Explore adaptive intelligence","potentialAction":[{"@type":"SearchAction","target":{"@type":"EntryPoint","urlTemplate":"https:\/\/www.neurocognitivism.com\/en\/?s={search_term_string}"},"query-input":"required name=search_term_string"}],"inLanguage":"en-US"}]}},"_links":{"self":[{"href":"https:\/\/www.neurocognitivism.com\/en\/wp-json\/wp\/v2\/pages\/2177"}],"collection":[{"href":"https:\/\/www.neurocognitivism.com\/en\/wp-json\/wp\/v2\/pages"}],"about":[{"href":"https:\/\/www.neurocognitivism.com\/en\/wp-json\/wp\/v2\/types\/page"}],"author":[{"embeddable":true,"href":"https:\/\/www.neurocognitivism.com\/en\/wp-json\/wp\/v2\/users\/1"}],"replies":[{"embeddable":true,"href":"https:\/\/www.neurocognitivism.com\/en\/wp-json\/wp\/v2\/comments?post=2177"}],"version-history":[{"count":2,"href":"https:\/\/www.neurocognitivism.com\/en\/wp-json\/wp\/v2\/pages\/2177\/revisions"}],"predecessor-version":[{"id":2180,"href":"https:\/\/www.neurocognitivism.com\/en\/wp-json\/wp\/v2\/pages\/2177\/revisions\/2180"}],"wp:attachment":[{"href":"https:\/\/www.neurocognitivism.com\/en\/wp-json\/wp\/v2\/media?parent=2177"}],"curies":[{"name":"wp","href":"https:\/\/api.w.org\/{rel}","templated":true}]}}